{"id":10638,"date":"2019-12-22T17:07:11","date_gmt":"2019-12-22T17:07:11","guid":{"rendered":"http:\/\/ffbraunau.at\/wordpress\/?page_id=10638"},"modified":"2020-12-30T09:57:01","modified_gmt":"2020-12-30T09:57:01","slug":"berichte-2020","status":"publish","type":"page","link":"https:\/\/ffbraunau.at\/wordpress\/?page_id=10638","title":{"rendered":"Berichte 2020"},"content":{"rendered":"<div class=\"flex_column av_one_full  flex_column_div av-zero-column-padding first  \" style='border-radius:0px; '><div  data-autoplay=''  data-interval='5'  data-animation='fade'  data-show_slide_delay='90'  class='avia-content-slider avia-content-grid-active avia-content-slider1 avia-content-slider-odd  ' ><div class='avia-content-slider-inner'><div class='slide-entry-wrap'><article class='slide-entry flex_column  post-entry post-entry-30200 slide-entry-overview slide-loop-1 slide-parity-odd  av_fullwidth first real-thumbnail' ><a href='https:\/\/ffbraunau.at\/wordpress\/?p=30200' data-rel='slide-1' class='slide-image' title=''><img loading=\"lazy\" decoding=\"async\" width=\"80\" height=\"80\" src=\"https:\/\/ffbraunau.at\/wordpress\/wp-content\/uploads\/2020\/12\/Schwarzenhofer_FFB-80x80.jpg\" class=\"attachment-thumbnail size-thumbnail wp-post-image\" alt=\"\" srcset=\"https:\/\/ffbraunau.at\/wordpress\/wp-content\/uploads\/2020\/12\/Schwarzenhofer_FFB-80x80.jpg 80w, https:\/\/ffbraunau.at\/wordpress\/wp-content\/uploads\/2020\/12\/Schwarzenhofer_FFB-36x36.jpg 36w, https:\/\/ffbraunau.at\/wordpress\/wp-content\/uploads\/2020\/12\/Schwarzenhofer_FFB-180x180.jpg 180w, https:\/\/ffbraunau.at\/wordpress\/wp-content\/uploads\/2020\/12\/Schwarzenhofer_FFB-120x120.jpg 120w, https:\/\/ffbraunau.at\/wordpress\/wp-content\/uploads\/2020\/12\/Schwarzenhofer_FFB-450x450.jpg 450w\" sizes=\"auto, (max-width: 80px) 100vw, 80px\" \/><\/a><div class='slide-content'><header class=\"entry-content-header\"><h3 class='slide-entry-title entry-title' ><a href='https:\/\/ffbraunau.at\/wordpress\/?p=30200' title='30.12.2020 - Spende von Modehaus Schwarzenhofer'>30.12.2020 - Spende von Modehaus Schwarzenhofer<\/a><\/h3><span class=\"av-vertical-delimiter\"><\/span><\/header><\/div><footer class=\"entry-footer\"><\/footer><\/article><\/div><div class='slide-entry-wrap'><article class='slide-entry flex_column  post-entry post-entry-30155 slide-entry-overview slide-loop-2 slide-parity-odd  av_fullwidth first real-thumbnail' ><a href='https:\/\/ffbraunau.at\/wordpress\/?p=30155' data-rel='slide-1' class='slide-image' title=''><img loading=\"lazy\" decoding=\"async\" width=\"80\" height=\"80\" src=\"https:\/\/ffbraunau.at\/wordpress\/wp-content\/uploads\/2020\/12\/FFB_danke-80x80.jpg\" class=\"attachment-thumbnail size-thumbnail wp-post-image\" alt=\"\" srcset=\"https:\/\/ffbraunau.at\/wordpress\/wp-content\/uploads\/2020\/12\/FFB_danke-80x80.jpg 80w, https:\/\/ffbraunau.at\/wordpress\/wp-content\/uploads\/2020\/12\/FFB_danke-300x300.jpg 300w, https:\/\/ffbraunau.at\/wordpress\/wp-content\/uploads\/2020\/12\/FFB_danke-36x36.jpg 36w, https:\/\/ffbraunau.at\/wordpress\/wp-content\/uploads\/2020\/12\/FFB_danke-180x180.jpg 180w, https:\/\/ffbraunau.at\/wordpress\/wp-content\/uploads\/2020\/12\/FFB_danke-120x120.jpg 120w, https:\/\/ffbraunau.at\/wordpress\/wp-content\/uploads\/2020\/12\/FFB_danke-450x450.jpg 450w, https:\/\/ffbraunau.at\/wordpress\/wp-content\/uploads\/2020\/12\/FFB_danke.jpg 515w\" sizes=\"auto, (max-width: 80px) 100vw, 80px\" \/><\/a><div class='slide-content'><header class=\"entry-content-header\"><h3 class='slide-entry-title entry-title' ><a href='https:\/\/ffbraunau.at\/wordpress\/?p=30155' title='21.12.2020 - Feuerwehr Braunau erh\u00e4lt gro\u00dfz\u00fcgige Spende'>21.12.2020 - Feuerwehr Braunau erh\u00e4lt gro\u00dfz\u00fcgige Spende<\/a><\/h3><span class=\"av-vertical-delimiter\"><\/span><\/header><\/div><footer class=\"entry-footer\"><\/footer><\/article><\/div><div class='slide-entry-wrap'><article class='slide-entry flex_column  post-entry post-entry-30090 slide-entry-overview slide-loop-3 slide-parity-odd  av_fullwidth first real-thumbnail' ><a href='https:\/\/ffbraunau.at\/wordpress\/?p=30090' data-rel='slide-1' class='slide-image' title=''><img loading=\"lazy\" decoding=\"async\" width=\"80\" height=\"80\" src=\"https:\/\/ffbraunau.at\/wordpress\/wp-content\/uploads\/2020\/12\/Web_01-80x80.jpg\" class=\"attachment-thumbnail size-thumbnail wp-post-image\" alt=\"\" srcset=\"https:\/\/ffbraunau.at\/wordpress\/wp-content\/uploads\/2020\/12\/Web_01-80x80.jpg 80w, https:\/\/ffbraunau.at\/wordpress\/wp-content\/uploads\/2020\/12\/Web_01-300x300.jpg 300w, https:\/\/ffbraunau.at\/wordpress\/wp-content\/uploads\/2020\/12\/Web_01-36x36.jpg 36w, https:\/\/ffbraunau.at\/wordpress\/wp-content\/uploads\/2020\/12\/Web_01-180x180.jpg 180w, https:\/\/ffbraunau.at\/wordpress\/wp-content\/uploads\/2020\/12\/Web_01-705x705.jpg 705w, https:\/\/ffbraunau.at\/wordpress\/wp-content\/uploads\/2020\/12\/Web_01-120x120.jpg 120w, https:\/\/ffbraunau.at\/wordpress\/wp-content\/uploads\/2020\/12\/Web_01-450x450.jpg 450w, https:\/\/ffbraunau.at\/wordpress\/wp-content\/uploads\/2020\/12\/Web_01.jpg 709w\" sizes=\"auto, (max-width: 80px) 100vw, 80px\" \/><\/a><div class='slide-content'><header class=\"entry-content-header\"><h3 class='slide-entry-title entry-title' ><a href='https:\/\/ffbraunau.at\/wordpress\/?p=30090' title='13.12.2020 - Covid-Massentests'>13.12.2020 - Covid-Massentests<\/a><\/h3><span class=\"av-vertical-delimiter\"><\/span><\/header><\/div><footer class=\"entry-footer\"><\/footer><\/article><\/div><div class='slide-entry-wrap'><article class='slide-entry flex_column  post-entry post-entry-30046 slide-entry-overview slide-loop-4 slide-parity-odd  av_fullwidth first real-thumbnail' ><a href='https:\/\/ffbraunau.at\/wordpress\/?p=30046' data-rel='slide-1' class='slide-image' title=''><img loading=\"lazy\" decoding=\"async\" width=\"80\" height=\"80\" src=\"https:\/\/ffbraunau.at\/wordpress\/wp-content\/uploads\/2020\/12\/IMG_4302_Web-80x80.jpg\" class=\"attachment-thumbnail size-thumbnail wp-post-image\" alt=\"\" srcset=\"https:\/\/ffbraunau.at\/wordpress\/wp-content\/uploads\/2020\/12\/IMG_4302_Web-80x80.jpg 80w, https:\/\/ffbraunau.at\/wordpress\/wp-content\/uploads\/2020\/12\/IMG_4302_Web-36x36.jpg 36w, https:\/\/ffbraunau.at\/wordpress\/wp-content\/uploads\/2020\/12\/IMG_4302_Web-180x180.jpg 180w, https:\/\/ffbraunau.at\/wordpress\/wp-content\/uploads\/2020\/12\/IMG_4302_Web-120x120.jpg 120w, https:\/\/ffbraunau.at\/wordpress\/wp-content\/uploads\/2020\/12\/IMG_4302_Web-450x450.jpg 450w\" sizes=\"auto, (max-width: 80px) 100vw, 80px\" \/><\/a><div class='slide-content'><header class=\"entry-content-header\"><h3 class='slide-entry-title entry-title' ><a href='https:\/\/ffbraunau.at\/wordpress\/?p=30046' title='06.12.2020 - Unterst\u00fctzung bei Covid-Testungen'>06.12.2020 - Unterst\u00fctzung bei Covid-Testungen<\/a><\/h3><span class=\"av-vertical-delimiter\"><\/span><\/header><\/div><footer class=\"entry-footer\"><\/footer><\/article><\/div><div class='slide-entry-wrap'><article class='slide-entry flex_column  post-entry post-entry-30027 slide-entry-overview slide-loop-5 slide-parity-odd  av_fullwidth first real-thumbnail' ><a href='https:\/\/ffbraunau.at\/wordpress\/?p=30027' data-rel='slide-1' class='slide-image' title=''><img loading=\"lazy\" decoding=\"async\" width=\"80\" height=\"80\" src=\"https:\/\/ffbraunau.at\/wordpress\/wp-content\/uploads\/2020\/12\/01-12-2020-Adventkalender-80x80.jpg\" class=\"attachment-thumbnail size-thumbnail wp-post-image\" alt=\"\" srcset=\"https:\/\/ffbraunau.at\/wordpress\/wp-content\/uploads\/2020\/12\/01-12-2020-Adventkalender-80x80.jpg 80w, https:\/\/ffbraunau.at\/wordpress\/wp-content\/uploads\/2020\/12\/01-12-2020-Adventkalender-36x36.jpg 36w, https:\/\/ffbraunau.at\/wordpress\/wp-content\/uploads\/2020\/12\/01-12-2020-Adventkalender-180x180.jpg 180w, https:\/\/ffbraunau.at\/wordpress\/wp-content\/uploads\/2020\/12\/01-12-2020-Adventkalender-120x120.jpg 120w, https:\/\/ffbraunau.at\/wordpress\/wp-content\/uploads\/2020\/12\/01-12-2020-Adventkalender-450x450.jpg 450w\" sizes=\"auto, (max-width: 80px) 100vw, 80px\" \/><\/a><div class='slide-content'><header class=\"entry-content-header\"><h3 class='slide-entry-title entry-title' ><a href='https:\/\/ffbraunau.at\/wordpress\/?p=30027' title='01.12.2020 - \u00dcberraschung f\u00fcr unsere Jugendgruppe'>01.12.2020 - \u00dcberraschung f\u00fcr unsere Jugendgruppe<\/a><\/h3><span class=\"av-vertical-delimiter\"><\/span><\/header><\/div><footer class=\"entry-footer\"><\/footer><\/article><\/div><div class='slide-entry-wrap'><article class='slide-entry flex_column  post-entry post-entry-29904 slide-entry-overview slide-loop-6 slide-parity-odd  av_fullwidth first real-thumbnail' ><a href='https:\/\/ffbraunau.at\/wordpress\/?p=29904' data-rel='slide-1' class='slide-image' title=''><img loading=\"lazy\" decoding=\"async\" width=\"80\" height=\"80\" src=\"https:\/\/ffbraunau.at\/wordpress\/wp-content\/uploads\/2020\/10\/IMG_4209_web-80x80.jpg\" class=\"attachment-thumbnail size-thumbnail wp-post-image\" alt=\"\" srcset=\"https:\/\/ffbraunau.at\/wordpress\/wp-content\/uploads\/2020\/10\/IMG_4209_web-80x80.jpg 80w, https:\/\/ffbraunau.at\/wordpress\/wp-content\/uploads\/2020\/10\/IMG_4209_web-36x36.jpg 36w, https:\/\/ffbraunau.at\/wordpress\/wp-content\/uploads\/2020\/10\/IMG_4209_web-180x180.jpg 180w, https:\/\/ffbraunau.at\/wordpress\/wp-content\/uploads\/2020\/10\/IMG_4209_web-120x120.jpg 120w, https:\/\/ffbraunau.at\/wordpress\/wp-content\/uploads\/2020\/10\/IMG_4209_web-450x450.jpg 450w\" sizes=\"auto, (max-width: 80px) 100vw, 80px\" \/><\/a><div class='slide-content'><header class=\"entry-content-header\"><h3 class='slide-entry-title entry-title' ><a href='https:\/\/ffbraunau.at\/wordpress\/?p=29904' title='17.10.2020 - Leistungspr\u00fcfung Branddienst'>17.10.2020 - Leistungspr\u00fcfung Branddienst<\/a><\/h3><span class=\"av-vertical-delimiter\"><\/span><\/header><\/div><footer class=\"entry-footer\"><\/footer><\/article><\/div><div class='slide-entry-wrap'><article class='slide-entry flex_column  post-entry post-entry-29893 slide-entry-overview slide-loop-7 slide-parity-odd  av_fullwidth first real-thumbnail' ><a href='https:\/\/ffbraunau.at\/wordpress\/?p=29893' data-rel='slide-1' class='slide-image' title=''><img loading=\"lazy\" decoding=\"async\" width=\"80\" height=\"80\" src=\"https:\/\/ffbraunau.at\/wordpress\/wp-content\/uploads\/2020\/10\/HRG_05-80x80.jpg\" class=\"attachment-thumbnail size-thumbnail wp-post-image\" alt=\"\" srcset=\"https:\/\/ffbraunau.at\/wordpress\/wp-content\/uploads\/2020\/10\/HRG_05-80x80.jpg 80w, https:\/\/ffbraunau.at\/wordpress\/wp-content\/uploads\/2020\/10\/HRG_05-36x36.jpg 36w, https:\/\/ffbraunau.at\/wordpress\/wp-content\/uploads\/2020\/10\/HRG_05-180x180.jpg 180w, https:\/\/ffbraunau.at\/wordpress\/wp-content\/uploads\/2020\/10\/HRG_05-120x120.jpg 120w, https:\/\/ffbraunau.at\/wordpress\/wp-content\/uploads\/2020\/10\/HRG_05-450x450.jpg 450w\" sizes=\"auto, (max-width: 80px) 100vw, 80px\" \/><\/a><div class='slide-content'><header class=\"entry-content-header\"><h3 class='slide-entry-title entry-title' ><a href='https:\/\/ffbraunau.at\/wordpress\/?p=29893' title='16. bis 17. 10. 2020 - H\u00f6henretter-Weiterbildung'>16. bis 17. 10. 2020 - H\u00f6henretter-Weiterbildung<\/a><\/h3><span class=\"av-vertical-delimiter\"><\/span><\/header><\/div><footer class=\"entry-footer\"><\/footer><\/article><\/div><div class='slide-entry-wrap'><article class='slide-entry flex_column  post-entry post-entry-29770 slide-entry-overview slide-loop-8 slide-parity-odd  av_fullwidth first real-thumbnail' ><a href='https:\/\/ffbraunau.at\/wordpress\/?p=29770' data-rel='slide-1' class='slide-image' title=''><img loading=\"lazy\" decoding=\"async\" width=\"80\" height=\"80\" src=\"https:\/\/ffbraunau.at\/wordpress\/wp-content\/uploads\/2020\/10\/IMG_4034_Web-80x80.jpg\" class=\"attachment-thumbnail size-thumbnail wp-post-image\" alt=\"\" srcset=\"https:\/\/ffbraunau.at\/wordpress\/wp-content\/uploads\/2020\/10\/IMG_4034_Web-80x80.jpg 80w, https:\/\/ffbraunau.at\/wordpress\/wp-content\/uploads\/2020\/10\/IMG_4034_Web-36x36.jpg 36w, https:\/\/ffbraunau.at\/wordpress\/wp-content\/uploads\/2020\/10\/IMG_4034_Web-180x180.jpg 180w, https:\/\/ffbraunau.at\/wordpress\/wp-content\/uploads\/2020\/10\/IMG_4034_Web-120x120.jpg 120w, https:\/\/ffbraunau.at\/wordpress\/wp-content\/uploads\/2020\/10\/IMG_4034_Web-450x450.jpg 450w\" sizes=\"auto, (max-width: 80px) 100vw, 80px\" \/><\/a><div class='slide-content'><header class=\"entry-content-header\"><h3 class='slide-entry-title entry-title' ><a href='https:\/\/ffbraunau.at\/wordpress\/?p=29770' title='03.10.2020 - ereignisreicher Samstag'>03.10.2020 - ereignisreicher Samstag<\/a><\/h3><span class=\"av-vertical-delimiter\"><\/span><\/header><\/div><footer class=\"entry-footer\"><\/footer><\/article><\/div><div class='slide-entry-wrap'><article class='slide-entry flex_column  post-entry post-entry-29704 slide-entry-overview slide-loop-9 slide-parity-odd  av_fullwidth first real-thumbnail' ><a href='https:\/\/ffbraunau.at\/wordpress\/?p=29704' data-rel='slide-1' class='slide-image' title=''><img loading=\"lazy\" decoding=\"async\" width=\"80\" height=\"80\" src=\"https:\/\/ffbraunau.at\/wordpress\/wp-content\/uploads\/2020\/09\/20200919_111500-80x80.jpg\" class=\"attachment-thumbnail size-thumbnail wp-post-image\" alt=\"\" srcset=\"https:\/\/ffbraunau.at\/wordpress\/wp-content\/uploads\/2020\/09\/20200919_111500-80x80.jpg 80w, https:\/\/ffbraunau.at\/wordpress\/wp-content\/uploads\/2020\/09\/20200919_111500-36x36.jpg 36w, https:\/\/ffbraunau.at\/wordpress\/wp-content\/uploads\/2020\/09\/20200919_111500-180x180.jpg 180w, https:\/\/ffbraunau.at\/wordpress\/wp-content\/uploads\/2020\/09\/20200919_111500-120x120.jpg 120w, https:\/\/ffbraunau.at\/wordpress\/wp-content\/uploads\/2020\/09\/20200919_111500-450x450.jpg 450w\" sizes=\"auto, (max-width: 80px) 100vw, 80px\" \/><\/a><div class='slide-content'><header class=\"entry-content-header\"><h3 class='slide-entry-title entry-title' ><a href='https:\/\/ffbraunau.at\/wordpress\/?p=29704' title='19.09.2020 - 3x Feuerwehrjugendleistungsabzeichen in Gold'>19.09.2020 - 3x Feuerwehrjugendleistungsabzeichen in Gold<\/a><\/h3><span class=\"av-vertical-delimiter\"><\/span><\/header><\/div><footer class=\"entry-footer\"><\/footer><\/article><\/div><div class='slide-entry-wrap'><article class='slide-entry flex_column  post-entry post-entry-29678 slide-entry-overview slide-loop-10 slide-parity-odd  post-entry-last  av_fullwidth first real-thumbnail' ><a href='https:\/\/ffbraunau.at\/wordpress\/?p=29678' data-rel='slide-1' class='slide-image' title=''><img loading=\"lazy\" decoding=\"async\" width=\"80\" height=\"80\" src=\"https:\/\/ffbraunau.at\/wordpress\/wp-content\/uploads\/2020\/09\/850_8734_Web-80x80.jpg\" class=\"attachment-thumbnail size-thumbnail wp-post-image\" alt=\"\" srcset=\"https:\/\/ffbraunau.at\/wordpress\/wp-content\/uploads\/2020\/09\/850_8734_Web-80x80.jpg 80w, https:\/\/ffbraunau.at\/wordpress\/wp-content\/uploads\/2020\/09\/850_8734_Web-36x36.jpg 36w, https:\/\/ffbraunau.at\/wordpress\/wp-content\/uploads\/2020\/09\/850_8734_Web-180x180.jpg 180w, https:\/\/ffbraunau.at\/wordpress\/wp-content\/uploads\/2020\/09\/850_8734_Web-120x120.jpg 120w, https:\/\/ffbraunau.at\/wordpress\/wp-content\/uploads\/2020\/09\/850_8734_Web-450x450.jpg 450w\" sizes=\"auto, (max-width: 80px) 100vw, 80px\" \/><\/a><div class='slide-content'><header class=\"entry-content-header\"><h3 class='slide-entry-title entry-title' ><a href='https:\/\/ffbraunau.at\/wordpress\/?p=29678' title='12.09.2020 - \u00dcbung H\u00f6henrettung'>12.09.2020 - \u00dcbung H\u00f6henrettung<\/a><\/h3><span class=\"av-vertical-delimiter\"><\/span><\/header><\/div><footer class=\"entry-footer\"><\/footer><\/article><\/div><\/div><div class='pagination-wrap pagination-slider'><nav class='pagination'><span class='pagination-meta'>Seite 1 von 3<\/span><span class='current'>1<\/span><a href='https:\/\/ffbraunau.at\/wordpress\/index.php?rest_route=%2Fwp%2Fv2%2Fpages%2F10638&#038;paged=2' class='inactive' >2<\/a><a href='https:\/\/ffbraunau.at\/wordpress\/index.php?rest_route=%2Fwp%2Fv2%2Fpages%2F10638&#038;paged=3' class='inactive' >3<\/a><\/nav>\n<\/div><\/div><\/div>\n","protected":false},"excerpt":{"rendered":"","protected":false},"author":3,"featured_media":0,"parent":0,"menu_order":0,"comment_status":"closed","ping_status":"open","template":"","meta":{"footnotes":"","_links_to":"","_links_to_target":""},"class_list":["post-10638","page","type-page","status-publish","hentry"],"_links":{"self":[{"href":"https:\/\/ffbraunau.at\/wordpress\/index.php?rest_route=\/wp\/v2\/pages\/10638","targetHints":{"allow":["GET"]}}],"collection":[{"href":"https:\/\/ffbraunau.at\/wordpress\/index.php?rest_route=\/wp\/v2\/pages"}],"about":[{"href":"https:\/\/ffbraunau.at\/wordpress\/index.php?rest_route=\/wp\/v2\/types\/page"}],"author":[{"embeddable":true,"href":"https:\/\/ffbraunau.at\/wordpress\/index.php?rest_route=\/wp\/v2\/users\/3"}],"replies":[{"embeddable":true,"href":"https:\/\/ffbraunau.at\/wordpress\/index.php?rest_route=%2Fwp%2Fv2%2Fcomments&post=10638"}],"version-history":[{"count":3,"href":"https:\/\/ffbraunau.at\/wordpress\/index.php?rest_route=\/wp\/v2\/pages\/10638\/revisions"}],"predecessor-version":[{"id":30241,"href":"https:\/\/ffbraunau.at\/wordpress\/index.php?rest_route=\/wp\/v2\/pages\/10638\/revisions\/30241"}],"wp:attachment":[{"href":"https:\/\/ffbraunau.at\/wordpress\/index.php?rest_route=%2Fwp%2Fv2%2Fmedia&parent=10638"}],"curies":[{"name":"wp","href":"https:\/\/api.w.org\/{rel}","templated":true}]}}